{"id":4553,"date":"2023-08-30T06:54:35","date_gmt":"2023-08-30T10:54:35","guid":{"rendered":"https:\/\/u15.ca\/?post_type=statements-releases&#038;p=4553"},"modified":"2023-08-30T08:10:12","modified_gmt":"2023-08-30T12:10:12","slug":"communique-u15-canada-et-german-u15-signent-une-attente-sur-une-collaboration-strategique-a-long-terme","status":"publish","type":"statements-releases","link":"https:\/\/u15.ca\/fr\/publications\/statements-releases\/communique-u15-canada-et-german-u15-signent-une-attente-sur-une-collaboration-strategique-a-long-terme\/","title":{"rendered":"Communiqu\u00e9 &#8211; U15 Canada et German U15 signent une entente sur une collaboration strat\u00e9gique \u00e0 long terme"},"content":{"rendered":"<p><strong>Le 30 ao\u00fbt 2023 (OTTAWA, ON)<\/strong> \u2013 U15 Canada et German U15, qui repr\u00e9sente les principales universit\u00e9s ax\u00e9es sur la recherche tant au Canada qu\u2019en Allemagne, ont sign\u00e9 hier une nouvelle entente de coop\u00e9ration dans le but de resserrer les liens entre les chercheurs et les universit\u00e9s des deux pays.<\/p>\n<p>Cette entente a \u00e9t\u00e9 conclue apr\u00e8s deux jours de r\u00e9unions entre des membres de la haute direction d\u2019universit\u00e9s des deux pays, durant lesquelles les discussions ont port\u00e9 sur les moyens d\u2019accro\u00eetre la collaboration entre les universit\u00e9s \u00e0 une p\u00e9riode d\u2019incertitude croissante dans le monde entier. Cette d\u00e9claration conjointe souligne le r\u00f4le important de la collaboration universitaire entre des pays qui partagent les m\u00eames valeurs concernant l\u2019\u00e9tablissement d\u2019un avenir fructueux, prosp\u00e8re et inclusif.<\/p>\n<p>Cette entente t\u00e9moigne notamment de la d\u00e9termination d\u2019approfondir les \u00e9changes entre les deux associations par le partage de pratiques exemplaires, l\u2019am\u00e9lioration des consultations sur les nouveaux enjeux et la formulation conjointe de la politique scientifique. L\u2019une des principales priorit\u00e9s de ce partenariat plus vaste sera d\u2019explorer le r\u00f4le des universit\u00e9s dans le traitement du changement climatique.<\/p>\n<p>\u00c0 propos des n\u00e9gociations en cours avec l\u2019Union europ\u00e9enne en vue de la participation du Canada au programme de financement Horizon Europe, les deux associations ont exprim\u00e9 leur vive anticipation de b\u00e9n\u00e9ficier d\u2019une entente fructueuse afin d\u2019\u00e9tablir un m\u00e9canisme fondamental pour la coop\u00e9ration entre les chercheurs canadiens et allemands.<\/p>\n<p>\u00ab\u00a0Les universit\u00e9s de U15 Canada comptent parmi leurs membres des chercheurs de pointe qui fa\u00e7onnent une recherche de classe mondiale dans leur domaine d\u2019activit\u00e9.\u00a0 Nos universit\u00e9s sont tourn\u00e9es vers le monde : elles b\u00e9n\u00e9ficient de partenariats solides et leurs chercheurs produisent un effet retentissant sur la fa\u00e7on dont nous traitons les questions urgentes de notre \u00e9poque\u00a0\u00bb, a expliqu\u00e9 Chad Gaffield, chef de la direction de U15 Canada. \u00ab Cette entente repr\u00e9sente l\u2019\u00e9tape suivante dans le renforcement de la collaboration internationale entre les plus grandes universit\u00e9s ax\u00e9es sur la recherche du Canada et de l\u2019Allemagne. Nous esp\u00e9rons qu\u2019en travaillant en \u00e9troite collaboration, nous pourrons continuer \u00e0 mener des recherches qui auront une r\u00e9elle valeur pour le Canada et l&rsquo;Allemagne.\u00a0\u00bb<\/p>\n<p>\u00ab\u00a0La science et la recherche d\u00e9pendent des \u00e9changes et de la coop\u00e9ration au-del\u00e0 des fronti\u00e8res nationales. La premi\u00e8re r\u00e9union bilat\u00e9rale entre nos deux associations a \u00e9t\u00e9 un succ\u00e8s retentissant \u00bb, a d\u00e9clar\u00e9 le professeur Georg Krausch, pr\u00e9sident de German U15 et pr\u00e9sident de l&rsquo;universit\u00e9 Johannes Gutenberg de Mayence. \u00ab\u00a0Je suis tr\u00e8s heureux que notre collaboration soit encore plus \u00e9troite et strat\u00e9gique \u00e0 l&rsquo;avenir. Les universit\u00e9s de U15 Canada sont des puissances scientifiques et comptent parmi les leaders mondiaux dans des domaines de recherche de pointe et tourn\u00e9s vers l&rsquo;avenir. En outre, nous partageons les m\u00eames valeurs &#8211; un facteur qui devient de plus en plus important au vu de la dynamique g\u00e9opolitique actuelle. Dans l&rsquo;ensemble, la r\u00e9union offre un grand potentiel pour renforcer la coop\u00e9ration entre les universit\u00e9s \u00e0 forte intensit\u00e9 de recherche des deux pays. \u00bb<\/p>\n<p><strong>\u00c0 propos de U15 Canada<\/strong><\/p>\n<p>Le Regroupement des universit\u00e9s de recherche du Canada U15 regroupe les principales universit\u00e9s vou\u00e9es \u00e0 la recherche du Canada. Bien que chaque \u00e9tablissement ait son propre mandat en mati\u00e8re de recherche et d\u2019enseignement, U15 Canada travaille pour l\u2019int\u00e9r\u00eat collectif de tous ses membres. Nous favorisons le d\u00e9veloppement et la mise en place de politiques \u00e0 long terme viables concernant la recherche et l\u2019enseignement sup\u00e9rieur, au Canada et dans le monde entier.<\/p>\n<p><strong>\u00c0 propos de German U15 <\/strong><\/p>\n<p>German U15, le pendant allemand de U15, repr\u00e9sente 15 grandes universit\u00e9s ax\u00e9es sur la recherche qui font partie des \u00e9tablissements les plus distingu\u00e9s sur le plan acad\u00e9mique et les plus r\u00e9put\u00e9s \u00e0 l\u2019\u00e9chelle internationale au sein du syst\u00e8me scientifique allemand. Vou\u00e9 \u00e0 la recherche hors norme et \u00e0 l\u2019excellence de l\u2019enseignement, German U15 assume une responsabilit\u00e9 active pour la soci\u00e9t\u00e9 ainsi que pour la promotion des valeurs universitaires et de la confiance dans la science. German U15 milite en faveur de meilleures conditions pour la recherche, l\u2019enseignement et les activit\u00e9s de transfert universitaires.<\/p>\n<p>Pour plus d\u2019information, veuillez communiquer avec\u00a0:<\/p>\n<p>James Hammond, conseiller principal, Affaires publiques<\/p>\n<p><a href=\"mailto:james.hammond@u15.ca\">james.hammond@u15.ca<\/a><\/p>\n<p>613-715-4764<\/p>\n<p style=\"text-align: center;\">-30-<\/p>\n<p><a href=\"https:\/\/u15.ca\/wp-content\/uploads\/2023\/08\/23-08-30-Communique-de-presse-Declaration-commune-du-U15-Canada-et-de-German-U15.pdf\">23-08-30 Communiqu\u00e9 de presse &#8211; D\u00e9claration commune du U15 Canada et de German U15<\/a><\/p>\n","protected":false},"featured_media":0,"template":"","news-type":[1567],"u15-year":[25],"class_list":["post-4553","statements-releases","type-statements-releases","status-publish","hentry","news-type-communiques-de-presse","u15-year-25"],"acf":[],"_links":{"self":[{"href":"https:\/\/u15.ca\/fr\/wp-json\/wp\/v2\/statements-releases\/4553","targetHints":{"allow":["GET"]}}],"collection":[{"href":"https:\/\/u15.ca\/fr\/wp-json\/wp\/v2\/statements-releases"}],"about":[{"href":"https:\/\/u15.ca\/fr\/wp-json\/wp\/v2\/types\/statements-releases"}],"wp:attachment":[{"href":"https:\/\/u15.ca\/fr\/wp-json\/wp\/v2\/media?parent=4553"}],"wp:term":[{"taxonomy":"news-type","embeddable":true,"href":"https:\/\/u15.ca\/fr\/wp-json\/wp\/v2\/news-type?post=4553"},{"taxonomy":"u15-year","embeddable":true,"href":"https:\/\/u15.ca\/fr\/wp-json\/wp\/v2\/u15-year?post=4553"}],"curies":[{"name":"wp","href":"https:\/\/api.w.org\/{rel}","templated":true}]}}