{"id":4737,"date":"2023-12-07T15:28:46","date_gmt":"2023-12-07T20:28:46","guid":{"rendered":"https:\/\/u15.ca\/?post_type=statements-releases&#038;p=4737"},"modified":"2023-12-07T15:40:37","modified_gmt":"2023-12-07T20:40:37","slug":"communique-conjoint-udice-le-u15-allemand-et-le-u15-canada-se-rejouissent-de-lannonce-de-lassociation-du-canada-au-deuxieme-pilier-dhorizon-europe","status":"publish","type":"statements-releases","link":"https:\/\/u15.ca\/fr\/publications\/statements-releases\/communique-conjoint-udice-le-u15-allemand-et-le-u15-canada-se-rejouissent-de-lannonce-de-lassociation-du-canada-au-deuxieme-pilier-dhorizon-europe\/","title":{"rendered":"Communiqu\u00e9 conjoint &#8211; UDICE, le U15 Allemand et le U15 Canada se rejouissent de l&rsquo;annonce de l&rsquo;association du Canada au deuxi\u00e8me pilier d&rsquo;Horizon Europe"},"content":{"rendered":"<p><img decoding=\"async\" class=\"alignnone wp-image-4739\" src=\"https:\/\/u15.ca\/wp-content\/uploads\/2023\/12\/U15-Udice-German-U15-1-300x49.png\" alt=\"\" width=\"410\" height=\"67\" srcset=\"https:\/\/u15.ca\/wp-content\/uploads\/2023\/12\/U15-Udice-German-U15-1-300x49.png 300w, https:\/\/u15.ca\/wp-content\/uploads\/2023\/12\/U15-Udice-German-U15-1-1024x167.png 1024w, https:\/\/u15.ca\/wp-content\/uploads\/2023\/12\/U15-Udice-German-U15-1-768x126.png 768w, https:\/\/u15.ca\/wp-content\/uploads\/2023\/12\/U15-Udice-German-U15-1.png 1168w\" sizes=\"(max-width: 410px) 100vw, 410px\" \/><\/p>\n<p>Udice, le German U15 et le U15 Canada, repr\u00e9sentant ensemble les 40 principales universit\u00e9s de recherche de France, d&rsquo;Allemagne et du Canada, se r\u00e9jouissent de l\u2019annonce de l&rsquo;ach\u00e8vement des n\u00e9gociations de fond sur l\u2019adh\u00e9sion du Canada au deuxi\u00e8me pilier d&rsquo;Horizon Europe en tant que pays associ\u00e9.<\/p>\n<p>Cette d\u00e9cision constitue une \u00e9tape d\u00e9cisive pour le rapprochement scientifique entre l\u2019Europe et le Canada. Elle offrira de nouvelles opportunit\u00e9s consid\u00e9rables pour soutenir les collaborations d\u00e9j\u00e0 importantes entre acteurs de la recherche europ\u00e9ens et canadiens.<\/p>\n<p>Les universit\u00e9s de recherche fran\u00e7aises, allemandes et canadiennes repr\u00e9sent\u00e9es au sein d\u2019Udice, le German U15 et du U15 Canada sont pr\u00eates \u00e0 se saisir de ses opportunit\u00e9s pour approfondir leurs partenariats et les \u00e9largir \u00e0 d\u2019autres acteurs europ\u00e9ens. Les relations anciennes et \u00e9troites entre les trois pays serviront comme base pour des projets productifs et fructueux entre les universit\u00e9s de recherche de l&rsquo;Europe et le Canada.<\/p>\n<p>D\u00e9j\u00e0 pr\u00e9sente dans la <a href=\"https:\/\/www.udice.org\/2023\/04\/24\/joint-statement-between-udice-and-u15\/?lang=en\" target=\"_blank\" rel=\"noopener\">D\u00e9claration conjointe<\/a> sign\u00e9e par Udice et le U15 Canada \u00e0 l\u2019occasion du Comit\u00e9 mixte France \/ Canada d\u2019avril 2023 et la <a href=\"https:\/\/u15.ca\/wp-content\/uploads\/2023\/08\/Joint-U15-Canada-and-German-U15-Statement.pdf\">D\u00e9claration conjointe<\/a> sur la collaboration strat\u00e9gique sign\u00e9e par le German U15 et le U15 Canada lors de leur sommet bilat\u00e9ral en ao\u00fbt 2023, cette dimension europ\u00e9enne de la relation entre les deux groupes pourra se voir consolider avec l\u2019appui du plus grand programme de recherche au monde.<\/p>\n<p>D\u00e9j\u00e0 actifs dans la mise en \u0153uvre des priorit\u00e9s scientifiques communes, les universit\u00e9s Udice, le German U15 et U15 Canada souhaitent contribuer pleinement aux r\u00e9ponses que l\u2019Europe et le Canada pourront apporter aux grands enjeux mondiaux, qu\u2019ils soient sanitaires, environnementaux, \u00e9nerg\u00e9tiques ou technologiques.<\/p>\n<p><a href=\"https:\/\/u15.ca\/wp-content\/uploads\/2023\/12\/23-12-01-Horizon-Europe-U15-Udice-Trilateral-Statement-fr_en_ger-nd-1.pdf\">23-12-01 &#8211; Horizon Europe &#8211; U15-Udice Trilateral Statement-fr_en_ger nd<\/a><\/p>\n","protected":false},"featured_media":0,"template":"","news-type":[1567],"u15-year":[25],"class_list":["post-4737","statements-releases","type-statements-releases","status-publish","hentry","news-type-communiques-de-presse","u15-year-25"],"acf":[],"_links":{"self":[{"href":"https:\/\/u15.ca\/fr\/wp-json\/wp\/v2\/statements-releases\/4737","targetHints":{"allow":["GET"]}}],"collection":[{"href":"https:\/\/u15.ca\/fr\/wp-json\/wp\/v2\/statements-releases"}],"about":[{"href":"https:\/\/u15.ca\/fr\/wp-json\/wp\/v2\/types\/statements-releases"}],"wp:attachment":[{"href":"https:\/\/u15.ca\/fr\/wp-json\/wp\/v2\/media?parent=4737"}],"wp:term":[{"taxonomy":"news-type","embeddable":true,"href":"https:\/\/u15.ca\/fr\/wp-json\/wp\/v2\/news-type?post=4737"},{"taxonomy":"u15-year","embeddable":true,"href":"https:\/\/u15.ca\/fr\/wp-json\/wp\/v2\/u15-year?post=4737"}],"curies":[{"name":"wp","href":"https:\/\/api.w.org\/{rel}","templated":true}]}}