{"id":5134,"date":"2024-09-18T12:32:53","date_gmt":"2024-09-18T16:32:53","guid":{"rendered":"https:\/\/u15.ca\/?post_type=statements-releases&#038;p=5134"},"modified":"2024-09-19T16:12:26","modified_gmt":"2024-09-19T20:12:26","slug":"communique-u15-canada-craint-le-plafonnement-des-permis-detudes-superieures","status":"publish","type":"statements-releases","link":"https:\/\/u15.ca\/fr\/publications\/statements-releases\/communique-u15-canada-craint-le-plafonnement-des-permis-detudes-superieures\/","title":{"rendered":"Communiqu\u00e9 &#8211; U15 Canada craint le plafonnement des permis d\u2019\u00e9tudes sup\u00e9rieures"},"content":{"rendered":"<p><strong>Le 18 septembre 2024 (OTTAWA, ON)<\/strong> \u2013 U15 Canada a fait part de ses craintes envers un nouvel abaissement du plafond des permis d\u2019\u00e9tudes, qui touche maintenant les \u00e9tudiants de cycle sup\u00e9rieur, auparavant exempt\u00e9s. Le consensus pour l\u2019immigration du Canada repose sur un syst\u00e8me qui attire les meilleurs talents, et les universit\u00e9s de U15 continueront d\u2019accueillir librement des \u00e9tudiants au sein de leurs campus bienveillants et dynamiques. Bien que nous soyons en faveur des initiatives qui pr\u00e9voient des allocations pour les \u00e9tudiants de cycle sup\u00e9rieur afin de prot\u00e9ger ce bassin de talents crucial, la d\u00e9cision prise aujourd\u2019hui de restreindre l\u2019entr\u00e9e d\u2019aspirants \u00e0 la ma\u00eetrise et au doctorat dans notre pays n\u2019envoie pas le bon message. En effet, cette d\u00e9cision risque de nuire d\u2019autant plus \u00e0 la r\u00e9putation du Canada sur la sc\u00e8ne internationale ainsi qu\u2019\u00e0 notre capacit\u00e9 d\u2019attirer et de retenir les chercheurs talentueux dont avons besoin pour faire cro\u00eetre notre \u00e9conomie et susciter l\u2019innovation.<\/p>\n<p>Par rapport \u00e0 d\u2019autres \u00e9tablissements du secteur, le nombre d\u2019\u00e9tudiants \u00e9trangers n\u2019a connu qu\u2019une croissance modeste dans les principales universit\u00e9s de recherche du Canada. L\u2019exp\u00e9rience scientifique et p\u00e9dagogique de grande qualit\u00e9 que les universit\u00e9s membres de U15 Canada offrent aux \u00e9tudiants \u00e9trangers a contribu\u00e9 \u00e0 \u00e9tablir la r\u00e9putation de chef de file mondial du Canada. Vu la priorit\u00e9 que nos membres accordent \u00e0 la recherche, les universit\u00e9s de U15 repr\u00e9sentent, ensemble, 60 % des \u00e9tudiants de cycle sup\u00e9rieur du Canada. Les \u00e9tudiants de cycle sup\u00e9rieur \u00e9trangers jouent un r\u00f4le crucial : ils font partie du personnel de laboratoires et de biblioth\u00e8ques, facilitent les collaborations avec l\u2019industrie et prennent part \u00e0 d\u2019importants projets de recherche ici, au Canada. Les cons\u00e9quences potentielles de la d\u00e9cision prise aujourd\u2019hui risquent de priver le Canada de grands talents et de saper s\u00e9rieusement la capacit\u00e9 de l\u2019\u00e9cosyst\u00e8me de la recherche de notre pays.<\/p>\n<p>\u00ab\u00a0Les Canadiens s\u2019inqui\u00e8tent, \u00e0 juste titre, de l\u2019augmentation d\u00e9brid\u00e9e des \u00e9tudiants \u00e9trangers et des retomb\u00e9es que cette hausse a sur le logement et les soins de sant\u00e9, mais, les r\u00e9formes ne doivent pas se faire aux d\u00e9pens de notre capacit\u00e9 d\u2019accueillir de grands talents qui ont tant \u00e0 offrir au Canada\u00a0\u00bb, a expliqu\u00e9 M. Chad Gaffield, Ph.D, chef de la direction de U15 Canada. \u00ab\u00a0Le gouvernement actuel a, \u00e0 de maintes reprises, affirm\u00e9 avec insistance qu\u2019il tentait de revenir \u00e0 un syst\u00e8me davantage ax\u00e9 sur la qualit\u00e9. Cependant, en limitant maintenant aussi les \u00e9tudiants de cycle sup\u00e9rieur et les chercheurs, les changements d\u2019aujourd\u2019hui ne tiennent pas compte des \u00e9tablissements responsables et alourdissent le fardeau des \u00e9tudiants les plus brillants qui souhaitent contribuer \u00e0 la prosp\u00e9rit\u00e9 du Canada.\u00a0\u00bb<\/p>\n<p>\u00ab\u00a0L\u2019incertitude provoqu\u00e9e par les r\u00e9formes en immigration ont cr\u00e9\u00e9 une importante perturbation. Maintenant, la d\u00e9cision de plafonner le nombre d\u2019\u00e9tudiants de cycle sup\u00e9rieur signifie que le Canada risque de perdre certains cerveaux parmi les plus brillants du monde. Il s\u2019agit de chercheurs avant-gardistes qui souhaitent venir au Canada pour \u00e9tudier et cr\u00e9er de nouvelles technologies novatrices, aider \u00e0 d\u00e9velopper de nouveaux traitements en sant\u00e9 ou faciliter la r\u00e9solution de probl\u00e8mes sociaux urgents. Nous craignons que l\u2019annonce d\u2019aujourd\u2019hui laisse de nouveau penser aux meilleurs talents, et aussi aux plus brillants, qu\u2019ils devraient envisager de chercher un autre endroit pour poursuivre leur carri\u00e8re et promouvoir leurs id\u00e9es\u00a0\u00bb, de conclure M. Gaffield, Ph.D.<\/p>\n<p><strong>\u00c0 propos de U15 Canada<\/strong><\/p>\n<p>U15 Canada est une association de quinze grandes universit\u00e9s de recherche du Canada qui s\u2019emploie \u00e0 optimiser les politiques et les programmes de recherche et d\u2019innovation favorisant l\u2019acquisition de connaissances, la formation de dirigeants hautement qualifi\u00e9s dans tous les secteurs et la mobilisation du savoir dans l\u2019int\u00e9r\u00eat de tous les Canadiens. De cette fa\u00e7on, U15 Canada tente d\u2019aider les universit\u00e9s canadiennes \u00e0 rendre l\u2019avenir prosp\u00e8re, durable et juste pour tous.<\/p>\n<p>Pour plus d\u2019information, veuillez communiquer avec\u00a0:<\/p>\n<p>James Hammond, directeur des affaires publiques<\/p>\n<p><a href=\"mailto:james.hammond@u15.ca\">james.hammond@u15.ca<\/a><\/p>\n<p>613-715-4764<\/p>\n<p style=\"text-align: center;\">-30-<\/p>\n<p><a href=\"https:\/\/u15.ca\/wp-content\/uploads\/2024\/09\/24-09-18-Communique-de-presse-U15-Canada-craint-le-plafonnement-des-permis-detudes-superieures-2.pdf\">24-09-18 &#8211; Communiqu\u00e9 de presse-U15 Canada craint le plafonnement des permis d\u2019\u00e9tudes sup\u00e9rieures<\/a><\/p>\n","protected":false},"featured_media":5129,"template":"","news-type":[1567],"u15-year":[1593],"class_list":["post-5134","statements-releases","type-statements-releases","status-publish","has-post-thumbnail","hentry","news-type-communiques-de-presse","u15-year-1593"],"acf":[],"_links":{"self":[{"href":"https:\/\/u15.ca\/fr\/wp-json\/wp\/v2\/statements-releases\/5134","targetHints":{"allow":["GET"]}}],"collection":[{"href":"https:\/\/u15.ca\/fr\/wp-json\/wp\/v2\/statements-releases"}],"about":[{"href":"https:\/\/u15.ca\/fr\/wp-json\/wp\/v2\/types\/statements-releases"}],"wp:featuredmedia":[{"embeddable":true,"href":"https:\/\/u15.ca\/fr\/wp-json\/wp\/v2\/media\/5129"}],"wp:attachment":[{"href":"https:\/\/u15.ca\/fr\/wp-json\/wp\/v2\/media?parent=5134"}],"wp:term":[{"taxonomy":"news-type","embeddable":true,"href":"https:\/\/u15.ca\/fr\/wp-json\/wp\/v2\/news-type?post=5134"},{"taxonomy":"u15-year","embeddable":true,"href":"https:\/\/u15.ca\/fr\/wp-json\/wp\/v2\/u15-year?post=5134"}],"curies":[{"name":"wp","href":"https:\/\/api.w.org\/{rel}","templated":true}]}}